{"id":7130,"date":"2025-03-21T12:56:46","date_gmt":"2025-03-21T11:56:46","guid":{"rendered":"https:\/\/waldrestaurant-zaehringerburg.de\/novedades\/"},"modified":"2025-03-24T22:02:39","modified_gmt":"2025-03-24T21:02:39","slug":"novedades","status":"publish","type":"page","link":"https:\/\/waldrestaurant-zaehringerburg.de\/es\/novedades\/","title":{"rendered":"Novedades"},"content":{"rendered":"<div class=\"fusion-fullwidth fullwidth-box fusion-builder-row-1 fusion-flex-container nonhundred-percent-fullwidth non-hundred-percent-height-scrolling\" style=\"--awb-border-radius-top-left:0px;--awb-border-radius-top-right:0px;--awb-border-radius-bottom-right:0px;--awb-border-radius-bottom-left:0px;--awb-padding-bottom:1%;--awb-flex-wrap:wrap;\" ><div class=\"fusion-builder-row fusion-row fusion-flex-align-items-flex-start fusion-flex-content-wrap\" style=\"max-width:calc( 1375px + 0px );margin-left: calc(-0px \/ 2 );margin-right: calc(-0px \/ 2 );\"><div class=\"fusion-layout-column fusion_builder_column fusion-builder-column-0 fusion_builder_column_1_1 1_1 fusion-flex-column fusion-animated\" style=\"--awb-padding-top-medium:20vh;--awb-padding-bottom-medium:20vh;--awb-bg-color:var(--awb-color1);--awb-bg-color-hover:var(--awb-color1);--awb-bg-position:center center;--awb-bg-size:cover;--awb-width-large:100%;--awb-margin-top-large:0px;--awb-spacing-right-large:0px;--awb-margin-bottom-large:0px;--awb-spacing-left-large:0px;--awb-width-medium:100%;--awb-order-medium:0;--awb-spacing-right-medium:0px;--awb-spacing-left-medium:0px;--awb-width-small:100%;--awb-order-small:0;--awb-spacing-right-small:0px;--awb-spacing-left-small:0px;\" data-animationType=\"fadeIn\" data-animationDuration=\"1.0\" data-animationOffset=\"top-into-view\" data-scroll-devices=\"small-visibility,medium-visibility,large-visibility\"><div class=\"fusion-column-wrapper fusion-column-has-shadow fusion-flex-justify-content-flex-start fusion-content-layout-column\"><div class=\"fusion-title title fusion-title-1 fusion-sep-none fusion-title-center fusion-title-text fusion-title-size-three\" style=\"--awb-font-size:45px;\"><h3 class=\"fusion-title-heading title-heading-center fusion-responsive-typography-calculated\" style=\"margin:0;font-size:1em;--fontSize:45;line-height:var(--awb-typography1-line-height);\">Actualidad del CASTILLO<\/h3><\/div><div class=\"fusion-blog-shortcode fusion-blog-shortcode-1 fusion-blog-archive fusion-blog-layout-grid-wrapper fusion-blog-pagination\" style=\"margin-top:0px;margin-right:0px;margin-bottom:0px;margin-left:0px;--grid_separator_color:var(--awb-color8);\"><style type=\"text\/css\">.fusion-blog-shortcode-1 .fusion-blog-layout-grid .fusion-post-grid{padding:20px;}.fusion-blog-shortcode-1 .fusion-posts-container{margin-left: -20px !important; margin-right:-20px !important;}<\/style><div class=\"fusion-posts-container fusion-posts-container-pagination fusion-no-meta-info fusion-blog-rollover fusion-blog-layout-grid fusion-blog-layout-grid-2 isotope\" data-pages=\"1\" data-grid-col-space=\"40\" style=\"margin: -20px -20px 0;min-height:500px;\"><article id=\"blog-1-post-7054\" class=\"fusion-post-grid post-7054 post type-post status-publish format-standard has-post-thumbnail hentry category-pagina-de-inicio\">\n<div class=\"fusion-post-wrapper\" style=\"background-color:rgba(255,255,255,0);border:1px solid var(--awb-color8);border-bottom-width:3px;\">\n\n\t\t\t<div class=\"fusion-flexslider flexslider fusion-flexslider-loading fusion-post-slideshow\" style=\"border-color:var(--awb-color8);\">\n\t\t<ul class=\"slides\">\n\t\t\t\n\t\t\t\t\t\t\t\t\t\t\t\t\t\t<li><div  class=\"fusion-image-wrapper\" aria-haspopup=\"true\">\n\t\t\t\t<img decoding=\"async\" width=\"387\" height=\"598\" src=\"https:\/\/waldrestaurant-zaehringerburg.de\/wp-content\/uploads\/2024\/07\/Burg_Turm-1.png\" class=\"attachment-full size-full lazyload wp-post-image\" alt=\"\" srcset=\"data:image\/svg+xml,%3Csvg%20xmlns%3D%27http%3A%2F%2Fwww.w3.org%2F2000%2Fsvg%27%20width%3D%27387%27%20height%3D%27598%27%20viewBox%3D%270%200%20387%20598%27%3E%3Crect%20width%3D%27387%27%20height%3D%27598%27%20fill-opacity%3D%220%22%2F%3E%3C%2Fsvg%3E\" data-orig-src=\"https:\/\/waldrestaurant-zaehringerburg.de\/wp-content\/uploads\/2024\/07\/Burg_Turm-1.png\" data-srcset=\"https:\/\/waldrestaurant-zaehringerburg.de\/wp-content\/uploads\/2024\/07\/Burg_Turm-1-200x309.png 200w, https:\/\/waldrestaurant-zaehringerburg.de\/wp-content\/uploads\/2024\/07\/Burg_Turm-1.png 387w\" data-sizes=\"auto\" \/><div class=\"fusion-rollover\">\n\t<div class=\"fusion-rollover-content\">\n\n\t\t\t\t\t\t\t\t\t\t\t\t\t\t<a class=\"fusion-rollover-link\" href=\"https:\/\/waldrestaurant-zaehringerburg.de\/es\/2025\/11\/03\/mantenimiento-abierto-de-la-torre-del-castillo-zaehringer\/\">Mantenimiento abierto de la torre del castillo Z\u00e4hringer<\/a>\n\t\t\t\n\t\t\t\t\t\t\t\t\n\t\t\n\t\t\t\t\t\t\t\t\t\t\t\t<h4 class=\"fusion-rollover-title\">\n\t\t\t\t\t<a class=\"fusion-rollover-title-link\" href=\"https:\/\/waldrestaurant-zaehringerburg.de\/es\/2025\/11\/03\/mantenimiento-abierto-de-la-torre-del-castillo-zaehringer\/\">\n\t\t\t\t\t\tMantenimiento abierto de la torre del castillo Z\u00e4hringer\t\t\t\t\t<\/a>\n\t\t\t\t<\/h4>\n\t\t\t\n\t\t\t\t\t\t\t\t\t\t<div class=\"fusion-rollover-categories\"><a href=\"https:\/\/waldrestaurant-zaehringerburg.de\/es\/category\/pagina-de-inicio\/\" rel=\"tag\">P\u00e1gina de inicio<\/a><\/div>\t\t\t\t\t\n\t\t\n\t\t\t\t\t\t<a class=\"fusion-link-wrapper\" href=\"https:\/\/waldrestaurant-zaehringerburg.de\/es\/2025\/11\/03\/mantenimiento-abierto-de-la-torre-del-castillo-zaehringer\/\" aria-label=\"Mantenimiento abierto de la torre del castillo Z\u00e4hringer\"><\/a>\n\t<\/div>\n<\/div>\n<\/div>\n<\/li>\n\t\t\t\n\t\t\t\n\t\t\t\t\t\t\t\t\t\t\t\t\t\t\t\t\t\t\t\t\t\t\t\t\t\t\t\t\t\t\t\t\t\t\t\t\t\t\t\t\t\t\t\t\t\t\t\t\t\t\t\t\t\t\t\t\t\t\t\t\t\t\t\t\t\t\t\t<\/ul>\n\t<\/div>\n\t<div class=\"fusion-post-content-wrapper\" style=\"padding:0px 0px 0px 0px;\"><div class=\"fusion-post-content post-content\"><h3 class=\"blog-shortcode-post-title entry-title\">Mantenimiento abierto de la torre del castillo Z\u00e4hringer<\/h3><div class=\"fusion-post-content-container\"><div class=\"fusion-fullwidth fullwidth-box fusion-builder-row-1-1 fusion-flex-container has-pattern-background has-mask-background nonhundred-percent-fullwidth non-hundred-percent-height-scrolling\" style=\"--awb-border-radius-top-left:0px;--awb-border-radius-top-right:0px;--awb-border-radius-bottom-right:0px;--awb-border-radius-bottom-left:0px;--awb-flex-wrap:wrap;\" ><div class=\"fusion-builder-row fusion-row fusion-flex-align-items-flex-start fusion-flex-content-wrap\" style=\"width:104% !important;max-width:104% !important;margin-left: calc(-4% \/ 2 );margin-right: calc(-4% \/ 2 );\"><div class=\"fusion-layout-column fusion_builder_column fusion-builder-column-1 fusion_builder_column_1_3 1_3 fusion-flex-column\" style=\"--awb-bg-size:cover;--awb-width-large:33.333333333333%;--awb-flex-grow:0;--awb-flex-shrink:0;--awb-margin-top-large:0px;--awb-spacing-right-large:5.76%;--awb-margin-bottom-large:8%;--awb-spacing-left-large:5.76%;--awb-width-medium:100%;--awb-order-medium:0;--awb-flex-grow-medium:0;--awb-flex-shrink-medium:0;--awb-spacing-right-medium:1.92%;--awb-spacing-left-medium:1.92%;--awb-width-small:100%;--awb-order-small:0;--awb-flex-grow-small:0;--awb-flex-shrink-small:0;--awb-spacing-right-small:1.92%;--awb-spacing-left-small:1.92%;\"><div class=\"fusion-column-wrapper fusion-column-has-shadow fusion-flex-justify-content-flex-start fusion-content-layout-column\"><div class=\"fusion-image-element \" style=\"--awb-mask-url: url(https:\/\/waldrestaurant-zaehringerburg.de\/wp-content\/plugins\/fusion-builder\/\/assets\/images\/masks\/mask-18.svg);--awb-caption-title-font-family:var(--h2_typography-font-family);--awb-caption-title-font-weight:var(--h2_typography-font-weight);--awb-caption-title-font-style:var(--h2_typography-font-style);--awb-caption-title-size:var(--h2_typography-font-size);--awb-caption-title-transform:var(--h2_typography-text-transform);--awb-caption-title-line-height:var(--h2_typography-line-height);--awb-caption-title-letter-spacing:var(--h2_typography-letter-spacing);\"><span class=\" fusion-imageframe imageframe-none imageframe-1 hover-type-none has-mask\"><img decoding=\"async\" width=\"600\" height=\"705\" title=\"Panorama_04_rgb_low\" src=\"https:\/\/waldrestaurant-zaehringerburg.de\/wp-content\/uploads\/2024\/01\/Panorama_04_rgb_low.jpg\" data-orig-src=\"https:\/\/www.waldrestaurant-zaehringerburg.de\/wp-content\/uploads\/2024\/01\/Panorama_04_rgb_low-600x705.jpg\" alt class=\"lazyload img-responsive wp-image-6489\" srcset=\"data:image\/svg+xml,%3Csvg%20xmlns%3D%27http%3A%2F%2Fwww.w3.org%2F2000%2Fsvg%27%20width%3D%27851%27%20height%3D%271000%27%20viewBox%3D%270%200%20851%201000%27%3E%3Crect%20width%3D%27851%27%20height%3D%271000%27%20fill-opacity%3D%220%22%2F%3E%3C%2Fsvg%3E\" data-srcset=\"https:\/\/waldrestaurant-zaehringerburg.de\/wp-content\/uploads\/2024\/01\/Panorama_04_rgb_low-200x235.jpg 200w, https:\/\/waldrestaurant-zaehringerburg.de\/wp-content\/uploads\/2024\/01\/Panorama_04_rgb_low-400x470.jpg 400w, https:\/\/waldrestaurant-zaehringerburg.de\/wp-content\/uploads\/2024\/01\/Panorama_04_rgb_low-600x705.jpg 600w, https:\/\/waldrestaurant-zaehringerburg.de\/wp-content\/uploads\/2024\/01\/Panorama_04_rgb_low-800x940.jpg 800w, https:\/\/waldrestaurant-zaehringerburg.de\/wp-content\/uploads\/2024\/01\/Panorama_04_rgb_low.jpg 851w\" data-sizes=\"auto\" data-orig-sizes=\"(max-width: 1024px) 100vw, (max-width: 640px) 100vw, 600px\" \/><\/span><\/div><\/div><\/div><div class=\"fusion-layout-column fusion_builder_column fusion-builder-column-2 fusion_builder_column_2_3 2_3 fusion-flex-column\" style=\"--awb-bg-size:cover;--awb-width-large:66.666666666667%;--awb-flex-grow:0;--awb-flex-shrink:0;--awb-margin-top-large:0px;--awb-spacing-right-large:2.88%;--awb-margin-bottom-large:8%;--awb-spacing-left-large:2.88%;--awb-width-medium:100%;--awb-order-medium:0;--awb-flex-grow-medium:0;--awb-flex-shrink-medium:0;--awb-spacing-right-medium:1.92%;--awb-spacing-left-medium:1.92%;--awb-width-small:100%;--awb-order-small:0;--awb-flex-grow-small:0;--awb-flex-shrink-small:0;--awb-spacing-right-small:1.92%;--awb-spacing-left-small:1.92%;\"><div class=\"fusion-column-wrapper fusion-column-has-shadow fusion-flex-justify-content-flex-start fusion-content-layout-column\"><div class=\"fusion-text fusion-text-1\"><p>Estimados partidarios:<\/p>\n<p>Lamentablemente, la reapertura de la torre del castillo se ha retrasado. Se han citado como motivo &#8216;complejos procesos de coordinaci\u00f3n&#8217;. A m\u00e1s tardar en el verano de 2024, la torre del castillo deber\u00eda estar equipada con una nueva escalera y reabierta.<\/p>\n<\/div><div class=\"fusion-section-separator section-separator waves fusion-section-separator-1\" style=\"--awb-spacer-padding-top:15.8203125%;--awb-svg-margin-left:2.88%;--awb-svg-margin-right:2.88%;--awb-svg-margin-left-medium:1.92%;--awb-svg-margin-right-medium:1.92%;--awb-svg-margin-left-small:1.92%;--awb-svg-margin-right-small:1.92%;--awb-sep-font-size:0;--awb-sep-line-height:0;\"><div class=\"fusion-section-separator-svg\"><svg class=\"fusion-waves-candy\" xmlns=\"http:\/\/www.w3.org\/2000\/svg\" version=\"1.1\" width=\"100%\" viewBox=\"0 54 1024 162\" preserveAspectRatio=\"none\" fill=\"rgba(55,153,55,1)\"><path class=\"st3\" d=\"M0 216.312h1024v-3.044c-50.8-17.1-108.7-30.7-172.7-37.9-178.6-19.8-220 36.8-404.9 21.3-206.6-17.2-228-126.5-434.5-141.6-3.9-.3-7.9-.5-11.9-.7v161.944z\"\/><\/svg><\/div><div class=\"fusion-section-separator-spacer\"><div class=\"fusion-section-separator-spacer-height\"><\/div><\/div><\/div><div class=\"fusion-text fusion-text-2\" style=\"--awb-margin-top:10px;\"><p data-fontsize=\"30\" data-lineheight=\"36px\"><strong>Actualizaci\u00f3n 03\/2025:<br \/>\n<\/strong><\/p>\n<\/div><a class=\"fusion-modal-text-link\" data-toggle=\"modal\" data-target=\".fusion-modal.BZ-2025\" href=\"#\"><a href=\"https:\/\/www.badische-zeitung.de\/der-schiefe-turm-der-zaehringer-burg-soll-im-juli-wieder-oeffnen\" target=\"_top\" rel=\"noopener\"><strong>La torre inclinada del castillo Z\u00e4hringer volver\u00e1 a abrir en julio<\/strong> (publicado el martes 04 de marzo de 2025 en badische-zeitung.de)<\/a><\/a><div class=\"fusion-text fusion-text-3 fusion-text-no-margin\" style=\"--awb-margin-top:10px;--awb-margin-bottom:10px;\"><p data-fontsize=\"30\" data-lineheight=\"36px\"><strong>Actualizaci\u00f3n 06\/2024:<br \/>\n<\/strong>Lamentablemente, hemos recibido la noticia de que habr\u00e1 m\u00e1s retrasos. La situaci\u00f3n actual indica oto\u00f1o de 2024. Continuaremos inform\u00e1ndoles sobre el progreso.  <\/p>\n<div>\n<p><a href=\"https:\/\/www.badische-zeitung.de\/die-wiedereroeffnung-des-turms-der-zaehringer-burg-in-freiburg-verschiebt-sich-in-den-herbst\">Puede encontrar el art\u00edculo completo en el Badische Zeitung [hier]<\/a><\/p>\n<\/div>\n<\/div><div class=\"fusion-text fusion-text-4\" style=\"--awb-margin-top:10px;\"><p data-fontsize=\"30\" data-lineheight=\"36px\"><strong>Actualizaci\u00f3n 10\/2024:<br \/>\n<\/strong><\/p>\n<\/div><a class=\"fusion-modal-text-link\" data-toggle=\"modal\" data-target=\".fusion-modal.BZ\" href=\"#\"><a href=\"https:\/\/www.badische-zeitung.de\/der-schiefe-turm-der-zaehringer-burg-in-freiburg-bleibt-gesperrt\" target=\"_top\" rel=\"noopener\"><strong>La torre inclinada del castillo Z\u00e4hringer en Friburgo permanece cerrada<\/strong> (publicado el lunes 21 de octubre de 2024 a las 19:30 horas en badische-zeitung.de)<\/a><\/a><div class=\"fusion-text fusion-text-5 fusion-text-no-margin\" style=\"--awb-margin-top:10px;--awb-margin-bottom:10px;\"><p data-fontsize=\"30\" data-lineheight=\"36px\"><strong>Actualizaci\u00f3n 06\/2024:<br \/>\n<\/strong>Lamentablemente, hemos recibido la noticia de que habr\u00e1 m\u00e1s retrasos. La situaci\u00f3n actual indica oto\u00f1o de 2024. Continuaremos inform\u00e1ndoles sobre el progreso.  <\/p>\n<div>\n<p><a href=\"https:\/\/www.badische-zeitung.de\/die-wiedereroeffnung-des-turms-der-zaehringer-burg-in-freiburg-verschiebt-sich-in-den-herbst\">Puede encontrar el art\u00edculo completo en el Badische Zeitung [hier]<\/a><\/p>\n<\/div>\n<\/div><\/div><\/div><\/div><\/div>\n<\/div><\/div><\/div><div class=\"fusion-clearfix\"><\/div><\/div>\n<\/article>\n<article id=\"blog-1-post-7092\" class=\"fusion-post-grid post-7092 post type-post status-publish format-standard has-post-thumbnail hentry\">\n<div class=\"fusion-post-wrapper\" style=\"background-color:rgba(255,255,255,0);border:1px solid var(--awb-color8);border-bottom-width:3px;\">\n\n\t\t\t<div class=\"fusion-flexslider flexslider fusion-flexslider-loading fusion-post-slideshow\" style=\"border-color:var(--awb-color8);\">\n\t\t<ul class=\"slides\">\n\t\t\t\n\t\t\t\t\t\t\t\t\t\t\t\t\t\t<li><div  class=\"fusion-image-wrapper\" aria-haspopup=\"true\">\n\t\t\t\t<img decoding=\"async\" width=\"1536\" height=\"1024\" src=\"https:\/\/waldrestaurant-zaehringerburg.de\/wp-content\/uploads\/2025\/03\/Brunch_2025_Waldrestaurant_Freiburg.png\" class=\"attachment-full size-full lazyload wp-post-image\" alt=\"\" srcset=\"data:image\/svg+xml,%3Csvg%20xmlns%3D%27http%3A%2F%2Fwww.w3.org%2F2000%2Fsvg%27%20width%3D%271536%27%20height%3D%271024%27%20viewBox%3D%270%200%201536%201024%27%3E%3Crect%20width%3D%271536%27%20height%3D%271024%27%20fill-opacity%3D%220%22%2F%3E%3C%2Fsvg%3E\" data-orig-src=\"https:\/\/waldrestaurant-zaehringerburg.de\/wp-content\/uploads\/2025\/03\/Brunch_2025_Waldrestaurant_Freiburg.png\" data-srcset=\"https:\/\/waldrestaurant-zaehringerburg.de\/wp-content\/uploads\/2025\/03\/Brunch_2025_Waldrestaurant_Freiburg-200x133.png 200w, https:\/\/waldrestaurant-zaehringerburg.de\/wp-content\/uploads\/2025\/03\/Brunch_2025_Waldrestaurant_Freiburg-400x267.png 400w, https:\/\/waldrestaurant-zaehringerburg.de\/wp-content\/uploads\/2025\/03\/Brunch_2025_Waldrestaurant_Freiburg-600x400.png 600w, https:\/\/waldrestaurant-zaehringerburg.de\/wp-content\/uploads\/2025\/03\/Brunch_2025_Waldrestaurant_Freiburg-800x533.png 800w, https:\/\/waldrestaurant-zaehringerburg.de\/wp-content\/uploads\/2025\/03\/Brunch_2025_Waldrestaurant_Freiburg-1200x800.png 1200w, https:\/\/waldrestaurant-zaehringerburg.de\/wp-content\/uploads\/2025\/03\/Brunch_2025_Waldrestaurant_Freiburg.png 1536w\" data-sizes=\"auto\" \/><div class=\"fusion-rollover\">\n\t<div class=\"fusion-rollover-content\">\n\n\t\t\t\t\t\t\t\t\t\t\t\t\t\t<a class=\"fusion-rollover-link\" href=\"https:\/\/waldrestaurant-zaehringerburg.de\/es\/2025\/03\/18\/brunch-de-pascua-el-21-04-25-a-partir-de-las-10-horas\/\">Brunch de Pascua el 21.04.25 a partir de las 10 horas<\/a>\n\t\t\t\n\t\t\t\t\t\t\t\t\n\t\t\n\t\t\t\t\t\t\t\t\t\t\t\t<h4 class=\"fusion-rollover-title\">\n\t\t\t\t\t<a class=\"fusion-rollover-title-link\" href=\"https:\/\/waldrestaurant-zaehringerburg.de\/es\/2025\/03\/18\/brunch-de-pascua-el-21-04-25-a-partir-de-las-10-horas\/\">\n\t\t\t\t\t\tBrunch de Pascua el 21.04.25 a partir de las 10 horas\t\t\t\t\t<\/a>\n\t\t\t\t<\/h4>\n\t\t\t\n\t\t\t\t\t\t\t\t\t\t\t\t\t\t\t\n\t\t\n\t\t\t\t\t\t<a class=\"fusion-link-wrapper\" href=\"https:\/\/waldrestaurant-zaehringerburg.de\/es\/2025\/03\/18\/brunch-de-pascua-el-21-04-25-a-partir-de-las-10-horas\/\" aria-label=\"Brunch de Pascua el 21.04.25 a partir de las 10 horas\"><\/a>\n\t<\/div>\n<\/div>\n<\/div>\n<\/li>\n\t\t\t\n\t\t\t\n\t\t\t\t\t\t\t\t\t\t\t\t\t\t\t\t\t\t\t\t\t\t\t\t\t\t\t\t\t\t\t\t\t\t\t\t\t\t\t\t\t\t\t\t\t\t\t\t\t\t\t\t\t\t\t\t\t\t\t\t\t\t\t\t\t\t\t\t<\/ul>\n\t<\/div>\n\t<div class=\"fusion-post-content-wrapper\" style=\"padding:0px 0px 0px 0px;\"><div class=\"fusion-post-content post-content\"><h3 class=\"blog-shortcode-post-title entry-title\">Brunch de Pascua el 21.04.25 a partir de las 10 horas<\/h3><div class=\"fusion-post-content-container\"><div class=\"fusion-fullwidth fullwidth-box fusion-builder-row-1-2 fusion-flex-container has-pattern-background has-mask-background hundred-percent-fullwidth non-hundred-percent-height-scrolling\" style=\"--awb-border-radius-top-left:0px;--awb-border-radius-top-right:0px;--awb-border-radius-bottom-right:0px;--awb-border-radius-bottom-left:0px;--awb-background-color:var(--awb-color1);--awb-flex-wrap:wrap;\" ><div class=\"fusion-builder-row fusion-row fusion-flex-align-items-flex-start fusion-flex-content-wrap\" style=\"width:104% !important;max-width:104% !important;margin-left: calc(-4% \/ 2 );margin-right: calc(-4% \/ 2 );\"><div class=\"fusion-layout-column fusion_builder_column fusion-builder-column-3 fusion_builder_column_1_1 1_1 fusion-flex-column\" style=\"--awb-bg-size:cover;--awb-width-large:100%;--awb-flex-grow:0;--awb-flex-shrink:0;--awb-margin-top-large:0px;--awb-spacing-right-large:1.92%;--awb-margin-bottom-large:8%;--awb-spacing-left-large:1.92%;--awb-width-medium:100%;--awb-order-medium:0;--awb-flex-grow-medium:0;--awb-flex-shrink-medium:0;--awb-spacing-right-medium:1.92%;--awb-spacing-left-medium:1.92%;--awb-width-small:100%;--awb-order-small:0;--awb-flex-grow-small:0;--awb-flex-shrink-small:0;--awb-spacing-right-small:1.92%;--awb-spacing-left-small:1.92%;\"><div class=\"fusion-column-wrapper fusion-column-has-shadow fusion-flex-justify-content-flex-start fusion-content-layout-column\"><div class=\"fusion-image-element \" style=\"--awb-caption-title-font-family:var(--h2_typography-font-family);--awb-caption-title-font-weight:var(--h2_typography-font-weight);--awb-caption-title-font-style:var(--h2_typography-font-style);--awb-caption-title-size:var(--h2_typography-font-size);--awb-caption-title-transform:var(--h2_typography-text-transform);--awb-caption-title-line-height:var(--h2_typography-line-height);--awb-caption-title-letter-spacing:var(--h2_typography-letter-spacing);\"><span class=\" fusion-imageframe imageframe-none imageframe-2 hover-type-none\"><img decoding=\"async\" width=\"1024\" height=\"1024\" title=\"Osterfest_Zaehringburg\" src=\"https:\/\/waldrestaurant-zaehringerburg.de\/wp-content\/uploads\/2025\/03\/Osterfest_Zaehringburg.webp\" data-orig-src=\"https:\/\/waldrestaurant-zaehringerburg.de\/wp-content\/uploads\/2025\/03\/Osterfest_Zaehringburg.webp\" alt class=\"lazyload img-responsive wp-image-6974\" srcset=\"data:image\/svg+xml,%3Csvg%20xmlns%3D%27http%3A%2F%2Fwww.w3.org%2F2000%2Fsvg%27%20width%3D%271024%27%20height%3D%271024%27%20viewBox%3D%270%200%201024%201024%27%3E%3Crect%20width%3D%271024%27%20height%3D%271024%27%20fill-opacity%3D%220%22%2F%3E%3C%2Fsvg%3E\" data-srcset=\"https:\/\/waldrestaurant-zaehringerburg.de\/wp-content\/uploads\/2025\/03\/Osterfest_Zaehringburg-200x200.webp 200w, https:\/\/waldrestaurant-zaehringerburg.de\/wp-content\/uploads\/2025\/03\/Osterfest_Zaehringburg-400x400.webp 400w, https:\/\/waldrestaurant-zaehringerburg.de\/wp-content\/uploads\/2025\/03\/Osterfest_Zaehringburg-600x600.webp 600w, https:\/\/waldrestaurant-zaehringerburg.de\/wp-content\/uploads\/2025\/03\/Osterfest_Zaehringburg-800x800.webp 800w, https:\/\/waldrestaurant-zaehringerburg.de\/wp-content\/uploads\/2025\/03\/Osterfest_Zaehringburg.webp 1024w\" data-sizes=\"auto\" data-orig-sizes=\"(max-width: 1024px) 100vw, (max-width: 640px) 100vw, 1024px\" \/><\/span><\/div><\/div><\/div><div class=\"fusion-layout-column fusion_builder_column fusion-builder-column-4 fusion_builder_column_1_1 1_1 fusion-flex-column\" style=\"--awb-bg-size:cover;--awb-width-large:100%;--awb-flex-grow:0;--awb-flex-shrink:0;--awb-margin-top-large:0px;--awb-spacing-right-large:1.92%;--awb-margin-bottom-large:8%;--awb-spacing-left-large:1.92%;--awb-width-medium:100%;--awb-order-medium:0;--awb-flex-grow-medium:0;--awb-flex-shrink-medium:0;--awb-spacing-right-medium:1.92%;--awb-spacing-left-medium:1.92%;--awb-width-small:100%;--awb-order-small:0;--awb-flex-grow-small:0;--awb-flex-shrink-small:0;--awb-spacing-right-small:1.92%;--awb-spacing-left-small:1.92%;\"><div class=\"fusion-column-wrapper fusion-column-has-shadow fusion-flex-justify-content-flex-start fusion-content-layout-column\"><div class=\"fusion-text fusion-text-6\"><p>El <strong>Lunes de Pascua<\/strong>, <strong>21 de abril<\/strong> de 2025, el <strong>Waldrestaurant Z\u00e4hringer Burg<\/strong> le invita a un <strong>brunch especial de Pascua<\/strong> que tendr\u00e1 lugar a partir de las 10 horas. Disfrute de una ma\u00f1ana relajada en una <strong>atm\u00f3sfera pascual<\/strong>, mientras nos encargamos de proporcionarle el mejor entretenimiento con una cuidadosa <strong>decoraci\u00f3n pascual<\/strong> y una variada oferta culinaria.<\/p>\n<p>Disfrute de nuestra <strong>abundante oferta de desayuno<\/strong> con deliciosos alimentos y bebidas. Adem\u00e1s de numerosas delicias, tambi\u00e9n hemos pensado en nuestros peque\u00f1os invitados: espere una alegre <strong>b\u00fasqueda de huevos<\/strong> para ni\u00f1os, que garantiza ojos brillantes.<\/p>\n<p>Ya sea solo, con la familia o con amigos, el brunch de Pascua ofrece el comienzo perfecto para el <strong>Lunes de Pascua.<\/strong> Por favor, reserve su mesa con antelaci\u00f3n. \u00a1Nuestra celebraci\u00f3n de Pascua tendr\u00e1 lugar independientemente del clima!<\/p>\n<p>Como <strong>opci\u00f3n<\/strong> o <strong>idea<\/strong> despu\u00e9s del brunch, le recomendamos un <strong>paseo por el bosque primaveral<\/strong> hasta la torre Z\u00e4hringerburg. Disfrute de la naturaleza que despierta y respire aire fresco antes de terminar el d\u00eda de manera relajada.<\/p>\n<p><strong>\u00a1Esperamos su visita en Burgberg para el brunch de Pascua!<\/strong><\/p>\n<p><em>Su equipo del Waldrestaurant Z\u00e4hringer Burg<\/em><\/p>\n<\/div><div class=\"fusion-text fusion-text-7\"><div class=\"fusion-li-item-content\">\n<p><strong>Lunes, 21.04.2025 a partir de las 10:00 horas<\/strong><\/p>\n<p><strong>24 \u20ac por persona incluyendo caf\u00e9, t\u00e9, zumo de naranja en la<br \/>\njarra, \u00a1tanto como desee!<br \/>\nLos ni\u00f1os hasta 11 a\u00f1os pagan la mitad del precio<\/strong> <\/p>\n<\/div>\n<\/div><div class=\"fusion-text fusion-text-8\"><div class=\"fusion-li-item-content\">\n<p>Reservas en:<\/p>\n<p>0761 \/ 54 322<br \/>\n<strong><a href=\"mailto:reservierung@waldrestaurant-zaehringerburg.de\">reservierung@waldrestaurant-zaehringerburg.de<\/a><\/strong><\/p>\n<\/div>\n<\/div><\/div><\/div><\/div><\/div>\n<\/div><\/div><\/div><div class=\"fusion-clearfix\"><\/div><\/div>\n<\/article>\n<div class=\"fusion-clearfix\"><\/div><\/div><\/div><\/div><\/div><\/div><\/div>\n","protected":false},"excerpt":{"rendered":"","protected":false},"author":1,"featured_media":0,"parent":0,"menu_order":14,"comment_status":"closed","ping_status":"closed","template":"100-width.php","meta":{"_acf_changed":false,"footnotes":""},"class_list":["post-7130","page","type-page","status-publish","hentry"],"acf":[],"_links":{"self":[{"href":"https:\/\/waldrestaurant-zaehringerburg.de\/es\/wp-json\/wp\/v2\/pages\/7130","targetHints":{"allow":["GET"]}}],"collection":[{"href":"https:\/\/waldrestaurant-zaehringerburg.de\/es\/wp-json\/wp\/v2\/pages"}],"about":[{"href":"https:\/\/waldrestaurant-zaehringerburg.de\/es\/wp-json\/wp\/v2\/types\/page"}],"author":[{"embeddable":true,"href":"https:\/\/waldrestaurant-zaehringerburg.de\/es\/wp-json\/wp\/v2\/users\/1"}],"replies":[{"embeddable":true,"href":"https:\/\/waldrestaurant-zaehringerburg.de\/es\/wp-json\/wp\/v2\/comments?post=7130"}],"version-history":[{"count":1,"href":"https:\/\/waldrestaurant-zaehringerburg.de\/es\/wp-json\/wp\/v2\/pages\/7130\/revisions"}],"predecessor-version":[{"id":7134,"href":"https:\/\/waldrestaurant-zaehringerburg.de\/es\/wp-json\/wp\/v2\/pages\/7130\/revisions\/7134"}],"wp:attachment":[{"href":"https:\/\/waldrestaurant-zaehringerburg.de\/es\/wp-json\/wp\/v2\/media?parent=7130"}],"curies":[{"name":"wp","href":"https:\/\/api.w.org\/{rel}","templated":true}]}}