{"id":7254,"date":"2025-03-21T12:56:46","date_gmt":"2025-03-21T11:56:46","guid":{"rendered":"https:\/\/waldrestaurant-zaehringerburg.de\/nouvelles\/"},"modified":"2025-03-24T22:03:04","modified_gmt":"2025-03-24T21:03:04","slug":"nouvelles","status":"publish","type":"page","link":"https:\/\/waldrestaurant-zaehringerburg.de\/fr\/nouvelles\/","title":{"rendered":"Nouvelles"},"content":{"rendered":"<div class=\"fusion-fullwidth fullwidth-box fusion-builder-row-1 fusion-flex-container nonhundred-percent-fullwidth non-hundred-percent-height-scrolling\" style=\"--awb-border-radius-top-left:0px;--awb-border-radius-top-right:0px;--awb-border-radius-bottom-right:0px;--awb-border-radius-bottom-left:0px;--awb-padding-bottom:1%;--awb-flex-wrap:wrap;\" ><div class=\"fusion-builder-row fusion-row fusion-flex-align-items-flex-start fusion-flex-content-wrap\" style=\"max-width:calc( 1375px + 0px );margin-left: calc(-0px \/ 2 );margin-right: calc(-0px \/ 2 );\"><div class=\"fusion-layout-column fusion_builder_column fusion-builder-column-0 fusion_builder_column_1_1 1_1 fusion-flex-column fusion-animated\" style=\"--awb-padding-top-medium:20vh;--awb-padding-bottom-medium:20vh;--awb-bg-color:var(--awb-color1);--awb-bg-color-hover:var(--awb-color1);--awb-bg-position:center center;--awb-bg-size:cover;--awb-width-large:100%;--awb-margin-top-large:0px;--awb-spacing-right-large:0px;--awb-margin-bottom-large:0px;--awb-spacing-left-large:0px;--awb-width-medium:100%;--awb-order-medium:0;--awb-spacing-right-medium:0px;--awb-spacing-left-medium:0px;--awb-width-small:100%;--awb-order-small:0;--awb-spacing-right-small:0px;--awb-spacing-left-small:0px;\" data-animationType=\"fadeIn\" data-animationDuration=\"1.0\" data-animationOffset=\"top-into-view\" data-scroll-devices=\"small-visibility,medium-visibility,large-visibility\"><div class=\"fusion-column-wrapper fusion-column-has-shadow fusion-flex-justify-content-flex-start fusion-content-layout-column\"><div class=\"fusion-title title fusion-title-1 fusion-sep-none fusion-title-center fusion-title-text fusion-title-size-three\" style=\"--awb-font-size:45px;\"><h3 class=\"fusion-title-heading title-heading-center fusion-responsive-typography-calculated\" style=\"margin:0;font-size:1em;--fontSize:45;line-height:var(--awb-typography1-line-height);\">Actualit\u00e9s du BURG<\/h3><\/div><div class=\"fusion-blog-shortcode fusion-blog-shortcode-1 fusion-blog-archive fusion-blog-layout-grid-wrapper fusion-blog-pagination\" style=\"margin-top:0px;margin-right:0px;margin-bottom:0px;margin-left:0px;--grid_separator_color:var(--awb-color8);\"><style type=\"text\/css\">.fusion-blog-shortcode-1 .fusion-blog-layout-grid .fusion-post-grid{padding:20px;}.fusion-blog-shortcode-1 .fusion-posts-container{margin-left: -20px !important; margin-right:-20px !important;}<\/style><div class=\"fusion-posts-container fusion-posts-container-pagination fusion-no-meta-info fusion-blog-rollover fusion-blog-layout-grid fusion-blog-layout-grid-2 isotope\" data-pages=\"1\" data-grid-col-space=\"40\" style=\"margin: -20px -20px 0;min-height:500px;\"><article id=\"blog-1-post-7072\" class=\"fusion-post-grid post-7072 post type-post status-publish format-standard has-post-thumbnail hentry category-page-daccueil\">\n<div class=\"fusion-post-wrapper\" style=\"background-color:rgba(255,255,255,0);border:1px solid var(--awb-color8);border-bottom-width:3px;\">\n\n\t\t\t<div class=\"fusion-flexslider flexslider fusion-flexslider-loading fusion-post-slideshow\" style=\"border-color:var(--awb-color8);\">\n\t\t<ul class=\"slides\">\n\t\t\t\n\t\t\t\t\t\t\t\t\t\t\t\t\t\t<li><div  class=\"fusion-image-wrapper\" aria-haspopup=\"true\">\n\t\t\t\t<img decoding=\"async\" width=\"387\" height=\"598\" src=\"https:\/\/waldrestaurant-zaehringerburg.de\/wp-content\/uploads\/2024\/07\/Burg_Turm-1.png\" class=\"attachment-full size-full lazyload wp-post-image\" alt=\"\" srcset=\"data:image\/svg+xml,%3Csvg%20xmlns%3D%27http%3A%2F%2Fwww.w3.org%2F2000%2Fsvg%27%20width%3D%27387%27%20height%3D%27598%27%20viewBox%3D%270%200%20387%20598%27%3E%3Crect%20width%3D%27387%27%20height%3D%27598%27%20fill-opacity%3D%220%22%2F%3E%3C%2Fsvg%3E\" data-orig-src=\"https:\/\/waldrestaurant-zaehringerburg.de\/wp-content\/uploads\/2024\/07\/Burg_Turm-1.png\" data-srcset=\"https:\/\/waldrestaurant-zaehringerburg.de\/wp-content\/uploads\/2024\/07\/Burg_Turm-1-200x309.png 200w, https:\/\/waldrestaurant-zaehringerburg.de\/wp-content\/uploads\/2024\/07\/Burg_Turm-1.png 387w\" data-sizes=\"auto\" \/><div class=\"fusion-rollover\">\n\t<div class=\"fusion-rollover-content\">\n\n\t\t\t\t\t\t\t\t\t\t\t\t\t\t<a class=\"fusion-rollover-link\" href=\"https:\/\/waldrestaurant-zaehringerburg.de\/fr\/2025\/11\/03\/maintien-de-louverture-de-la-tour-du-chateau-de-zaehringen\/\">Maintien de l&rsquo;ouverture de la tour du ch\u00e2teau de Z\u00e4hringen<\/a>\n\t\t\t\n\t\t\t\t\t\t\t\t\n\t\t\n\t\t\t\t\t\t\t\t\t\t\t\t<h4 class=\"fusion-rollover-title\">\n\t\t\t\t\t<a class=\"fusion-rollover-title-link\" href=\"https:\/\/waldrestaurant-zaehringerburg.de\/fr\/2025\/11\/03\/maintien-de-louverture-de-la-tour-du-chateau-de-zaehringen\/\">\n\t\t\t\t\t\tMaintien de l&rsquo;ouverture de la tour du ch\u00e2teau de Z\u00e4hringen\t\t\t\t\t<\/a>\n\t\t\t\t<\/h4>\n\t\t\t\n\t\t\t\t\t\t\t\t\t\t<div class=\"fusion-rollover-categories\"><a href=\"https:\/\/waldrestaurant-zaehringerburg.de\/fr\/category\/page-daccueil\/\" rel=\"tag\">Page d'accueil<\/a><\/div>\t\t\t\t\t\n\t\t\n\t\t\t\t\t\t<a class=\"fusion-link-wrapper\" href=\"https:\/\/waldrestaurant-zaehringerburg.de\/fr\/2025\/11\/03\/maintien-de-louverture-de-la-tour-du-chateau-de-zaehringen\/\" aria-label=\"Maintien de l&rsquo;ouverture de la tour du ch\u00e2teau de Z\u00e4hringen\"><\/a>\n\t<\/div>\n<\/div>\n<\/div>\n<\/li>\n\t\t\t\n\t\t\t\n\t\t\t\t\t\t\t\t\t\t\t\t\t\t\t\t\t\t\t\t\t\t\t\t\t\t\t\t\t\t\t\t\t\t\t\t\t\t\t\t\t\t\t\t\t\t\t\t\t\t\t\t\t\t\t\t\t\t\t\t\t\t\t\t\t\t\t\t<\/ul>\n\t<\/div>\n\t<div class=\"fusion-post-content-wrapper\" style=\"padding:0px 0px 0px 0px;\"><div class=\"fusion-post-content post-content\"><h3 class=\"blog-shortcode-post-title entry-title\">Maintien de l&rsquo;ouverture de la tour du ch\u00e2teau de Z\u00e4hringen<\/h3><div class=\"fusion-post-content-container\"><div class=\"fusion-fullwidth fullwidth-box fusion-builder-row-1-1 fusion-flex-container has-pattern-background has-mask-background nonhundred-percent-fullwidth non-hundred-percent-height-scrolling\" style=\"--awb-border-radius-top-left:0px;--awb-border-radius-top-right:0px;--awb-border-radius-bottom-right:0px;--awb-border-radius-bottom-left:0px;--awb-flex-wrap:wrap;\" ><div class=\"fusion-builder-row fusion-row fusion-flex-align-items-flex-start fusion-flex-content-wrap\" style=\"width:104% !important;max-width:104% !important;margin-left: calc(-4% \/ 2 );margin-right: calc(-4% \/ 2 );\"><div class=\"fusion-layout-column fusion_builder_column fusion-builder-column-1 fusion_builder_column_1_3 1_3 fusion-flex-column\" style=\"--awb-bg-size:cover;--awb-width-large:33.333333333333%;--awb-flex-grow:0;--awb-flex-shrink:0;--awb-margin-top-large:0px;--awb-spacing-right-large:5.76%;--awb-margin-bottom-large:8%;--awb-spacing-left-large:5.76%;--awb-width-medium:100%;--awb-order-medium:0;--awb-flex-grow-medium:0;--awb-flex-shrink-medium:0;--awb-spacing-right-medium:1.92%;--awb-spacing-left-medium:1.92%;--awb-width-small:100%;--awb-order-small:0;--awb-flex-grow-small:0;--awb-flex-shrink-small:0;--awb-spacing-right-small:1.92%;--awb-spacing-left-small:1.92%;\"><div class=\"fusion-column-wrapper fusion-column-has-shadow fusion-flex-justify-content-flex-start fusion-content-layout-column\"><div class=\"fusion-image-element \" style=\"--awb-mask-url: url(https:\/\/waldrestaurant-zaehringerburg.de\/wp-content\/plugins\/fusion-builder\/\/assets\/images\/masks\/mask-18.svg);--awb-caption-title-font-family:var(--h2_typography-font-family);--awb-caption-title-font-weight:var(--h2_typography-font-weight);--awb-caption-title-font-style:var(--h2_typography-font-style);--awb-caption-title-size:var(--h2_typography-font-size);--awb-caption-title-transform:var(--h2_typography-text-transform);--awb-caption-title-line-height:var(--h2_typography-line-height);--awb-caption-title-letter-spacing:var(--h2_typography-letter-spacing);\"><span class=\" fusion-imageframe imageframe-none imageframe-1 hover-type-none has-mask\"><img decoding=\"async\" width=\"600\" height=\"705\" title=\"Panorama_04_rgb_low\" src=\"https:\/\/waldrestaurant-zaehringerburg.de\/wp-content\/uploads\/2024\/01\/Panorama_04_rgb_low.jpg\" data-orig-src=\"https:\/\/www.waldrestaurant-zaehringerburg.de\/wp-content\/uploads\/2024\/01\/Panorama_04_rgb_low-600x705.jpg\" alt class=\"lazyload img-responsive wp-image-6487\" srcset=\"data:image\/svg+xml,%3Csvg%20xmlns%3D%27http%3A%2F%2Fwww.w3.org%2F2000%2Fsvg%27%20width%3D%27851%27%20height%3D%271000%27%20viewBox%3D%270%200%20851%201000%27%3E%3Crect%20width%3D%27851%27%20height%3D%271000%27%20fill-opacity%3D%220%22%2F%3E%3C%2Fsvg%3E\" data-srcset=\"https:\/\/waldrestaurant-zaehringerburg.de\/wp-content\/uploads\/2024\/01\/Panorama_04_rgb_low-200x235.jpg 200w, https:\/\/waldrestaurant-zaehringerburg.de\/wp-content\/uploads\/2024\/01\/Panorama_04_rgb_low-400x470.jpg 400w, https:\/\/waldrestaurant-zaehringerburg.de\/wp-content\/uploads\/2024\/01\/Panorama_04_rgb_low-600x705.jpg 600w, https:\/\/waldrestaurant-zaehringerburg.de\/wp-content\/uploads\/2024\/01\/Panorama_04_rgb_low-800x940.jpg 800w, https:\/\/waldrestaurant-zaehringerburg.de\/wp-content\/uploads\/2024\/01\/Panorama_04_rgb_low.jpg 851w\" data-sizes=\"auto\" data-orig-sizes=\"(max-width: 1024px) 100vw, (max-width: 640px) 100vw, 600px\" \/><\/span><\/div><\/div><\/div><div class=\"fusion-layout-column fusion_builder_column fusion-builder-column-2 fusion_builder_column_2_3 2_3 fusion-flex-column\" style=\"--awb-bg-size:cover;--awb-width-large:66.666666666667%;--awb-flex-grow:0;--awb-flex-shrink:0;--awb-margin-top-large:0px;--awb-spacing-right-large:2.88%;--awb-margin-bottom-large:8%;--awb-spacing-left-large:2.88%;--awb-width-medium:100%;--awb-order-medium:0;--awb-flex-grow-medium:0;--awb-flex-shrink-medium:0;--awb-spacing-right-medium:1.92%;--awb-spacing-left-medium:1.92%;--awb-width-small:100%;--awb-order-small:0;--awb-flex-grow-small:0;--awb-flex-shrink-small:0;--awb-spacing-right-small:1.92%;--awb-spacing-left-small:1.92%;\"><div class=\"fusion-column-wrapper fusion-column-has-shadow fusion-flex-justify-content-flex-start fusion-content-layout-column\"><div class=\"fusion-text fusion-text-1\"><p>Chers partisans,<\/p>\n<p>Malheureusement, la r\u00e9ouverture de la tour du ch\u00e2teau est retard\u00e9e. Des \u00ab processus de coordination complexes \u00bb ont \u00e9t\u00e9 cit\u00e9s comme raison. La tour du ch\u00e2teau devrait \u00eatre \u00e9quip\u00e9e d&rsquo;un nouvel escalier et rouverte au plus tard \u00e0 l&rsquo;\u00e9t\u00e9 2024.<\/p>\n<\/div><div class=\"fusion-section-separator section-separator waves fusion-section-separator-1\" style=\"--awb-spacer-padding-top:15.8203125%;--awb-svg-margin-left:2.88%;--awb-svg-margin-right:2.88%;--awb-svg-margin-left-medium:1.92%;--awb-svg-margin-right-medium:1.92%;--awb-svg-margin-left-small:1.92%;--awb-svg-margin-right-small:1.92%;--awb-sep-font-size:0;--awb-sep-line-height:0;\"><div class=\"fusion-section-separator-svg\"><svg class=\"fusion-waves-candy\" xmlns=\"http:\/\/www.w3.org\/2000\/svg\" version=\"1.1\" width=\"100%\" viewBox=\"0 54 1024 162\" preserveAspectRatio=\"none\" fill=\"rgba(55,153,55,1)\"><path class=\"st3\" d=\"M0 216.312h1024v-3.044c-50.8-17.1-108.7-30.7-172.7-37.9-178.6-19.8-220 36.8-404.9 21.3-206.6-17.2-228-126.5-434.5-141.6-3.9-.3-7.9-.5-11.9-.7v161.944z\"\/><\/svg><\/div><div class=\"fusion-section-separator-spacer\"><div class=\"fusion-section-separator-spacer-height\"><\/div><\/div><\/div><div class=\"fusion-text fusion-text-2\" style=\"--awb-margin-top:10px;\"><p data-fontsize=\"30\" data-lineheight=\"36px\"><strong>Mise \u00e0 jour 03\/2025 :<br \/>\n<\/strong><\/p>\n<\/div><a class=\"fusion-modal-text-link\" data-toggle=\"modal\" data-target=\".fusion-modal.BZ-2025\" href=\"#\"><a href=\"https:\/\/www.badische-zeitung.de\/der-schiefe-turm-der-zaehringer-burg-soll-im-juli-wieder-oeffnen\" target=\"_top\" rel=\"noopener\"><strong>La tour pench\u00e9e du ch\u00e2teau de Z\u00e4hringen devrait rouvrir en juillet<\/strong> (publi\u00e9 le mardi 04 mars 2025 sur badische-zeitung.de)<\/a><\/a><div class=\"fusion-text fusion-text-3 fusion-text-no-margin\" style=\"--awb-margin-top:10px;--awb-margin-bottom:10px;\"><p data-fontsize=\"30\" data-lineheight=\"36px\"><strong>Mise \u00e0 jour 06\/2024 :<br \/>\n<\/strong>Nous avons malheureusement re\u00e7u l&rsquo;information qu&rsquo;il y aura de nouveaux retards. L&rsquo;\u00e9tat actuel est l&rsquo;automne 2024. Nous restons vigilants et continuerons \u00e0 vous informer.  <\/p>\n<div>\n<p><a href=\"https:\/\/www.badische-zeitung.de\/die-wiedereroeffnung-des-turms-der-zaehringer-burg-in-freiburg-verschiebt-sich-in-den-herbst\">Vous trouverez l&rsquo;article complet dans la Badische Zeitung [hier]<\/a><\/p>\n<\/div>\n<\/div><div class=\"fusion-text fusion-text-4\" style=\"--awb-margin-top:10px;\"><p data-fontsize=\"30\" data-lineheight=\"36px\"><strong>Mise \u00e0 jour 10\/2024 :<br \/>\n<\/strong><\/p>\n<\/div><a class=\"fusion-modal-text-link\" data-toggle=\"modal\" data-target=\".fusion-modal.BZ\" href=\"#\"><a href=\"https:\/\/www.badische-zeitung.de\/der-schiefe-turm-der-zaehringer-burg-in-freiburg-bleibt-gesperrt\" target=\"_top\" rel=\"noopener\"><strong>La tour pench\u00e9e du ch\u00e2teau de Z\u00e4hringen \u00e0 Fribourg-en-Brisgau reste ferm\u00e9e<\/strong> (publi\u00e9 le lundi 21 octobre 2024 \u00e0 19h30 sur badische-zeitung.de)<\/a><\/a><div class=\"fusion-text fusion-text-5 fusion-text-no-margin\" style=\"--awb-margin-top:10px;--awb-margin-bottom:10px;\"><p data-fontsize=\"30\" data-lineheight=\"36px\"><strong>Mise \u00e0 jour 06\/2024 :<br \/>\n<\/strong>Nous avons malheureusement re\u00e7u l&rsquo;information qu&rsquo;il y aura de nouveaux retards. L&rsquo;\u00e9tat actuel est l&rsquo;automne 2024. Nous restons vigilants et continuerons \u00e0 vous informer.  <\/p>\n<div>\n<p><a href=\"https:\/\/www.badische-zeitung.de\/die-wiedereroeffnung-des-turms-der-zaehringer-burg-in-freiburg-verschiebt-sich-in-den-herbst\">Vous trouverez l&rsquo;article complet dans la Badische Zeitung [hier]<\/a><\/p>\n<\/div>\n<\/div><\/div><\/div><\/div><\/div>\n<\/div><\/div><\/div><div class=\"fusion-clearfix\"><\/div><\/div>\n<\/article>\n<article id=\"blog-1-post-7059\" class=\"fusion-post-grid post-7059 post type-post status-publish format-standard has-post-thumbnail hentry\">\n<div class=\"fusion-post-wrapper\" style=\"background-color:rgba(255,255,255,0);border:1px solid var(--awb-color8);border-bottom-width:3px;\">\n\n\t\t\t<div class=\"fusion-flexslider flexslider fusion-flexslider-loading fusion-post-slideshow\" style=\"border-color:var(--awb-color8);\">\n\t\t<ul class=\"slides\">\n\t\t\t\n\t\t\t\t\t\t\t\t\t\t\t\t\t\t<li><div  class=\"fusion-image-wrapper\" aria-haspopup=\"true\">\n\t\t\t\t<img decoding=\"async\" width=\"1536\" height=\"1024\" src=\"https:\/\/waldrestaurant-zaehringerburg.de\/wp-content\/uploads\/2025\/03\/Brunch_2025_Waldrestaurant_Freiburg.png\" class=\"attachment-full size-full lazyload wp-post-image\" alt=\"\" srcset=\"data:image\/svg+xml,%3Csvg%20xmlns%3D%27http%3A%2F%2Fwww.w3.org%2F2000%2Fsvg%27%20width%3D%271536%27%20height%3D%271024%27%20viewBox%3D%270%200%201536%201024%27%3E%3Crect%20width%3D%271536%27%20height%3D%271024%27%20fill-opacity%3D%220%22%2F%3E%3C%2Fsvg%3E\" data-orig-src=\"https:\/\/waldrestaurant-zaehringerburg.de\/wp-content\/uploads\/2025\/03\/Brunch_2025_Waldrestaurant_Freiburg.png\" data-srcset=\"https:\/\/waldrestaurant-zaehringerburg.de\/wp-content\/uploads\/2025\/03\/Brunch_2025_Waldrestaurant_Freiburg-200x133.png 200w, https:\/\/waldrestaurant-zaehringerburg.de\/wp-content\/uploads\/2025\/03\/Brunch_2025_Waldrestaurant_Freiburg-400x267.png 400w, https:\/\/waldrestaurant-zaehringerburg.de\/wp-content\/uploads\/2025\/03\/Brunch_2025_Waldrestaurant_Freiburg-600x400.png 600w, https:\/\/waldrestaurant-zaehringerburg.de\/wp-content\/uploads\/2025\/03\/Brunch_2025_Waldrestaurant_Freiburg-800x533.png 800w, https:\/\/waldrestaurant-zaehringerburg.de\/wp-content\/uploads\/2025\/03\/Brunch_2025_Waldrestaurant_Freiburg-1200x800.png 1200w, https:\/\/waldrestaurant-zaehringerburg.de\/wp-content\/uploads\/2025\/03\/Brunch_2025_Waldrestaurant_Freiburg.png 1536w\" data-sizes=\"auto\" \/><div class=\"fusion-rollover\">\n\t<div class=\"fusion-rollover-content\">\n\n\t\t\t\t\t\t\t\t\t\t\t\t\t\t<a class=\"fusion-rollover-link\" href=\"https:\/\/waldrestaurant-zaehringerburg.de\/fr\/2025\/03\/18\/brunch-de-paques-le-21-04-25-a-partir-de-10-heures\/\">Brunch de P\u00e2ques le 21.04.25 \u00e0 partir de 10 heures<\/a>\n\t\t\t\n\t\t\t\t\t\t\t\t\n\t\t\n\t\t\t\t\t\t\t\t\t\t\t\t<h4 class=\"fusion-rollover-title\">\n\t\t\t\t\t<a class=\"fusion-rollover-title-link\" href=\"https:\/\/waldrestaurant-zaehringerburg.de\/fr\/2025\/03\/18\/brunch-de-paques-le-21-04-25-a-partir-de-10-heures\/\">\n\t\t\t\t\t\tBrunch de P\u00e2ques le 21.04.25 \u00e0 partir de 10 heures\t\t\t\t\t<\/a>\n\t\t\t\t<\/h4>\n\t\t\t\n\t\t\t\t\t\t\t\t\t\t\t\t\t\t\t\n\t\t\n\t\t\t\t\t\t<a class=\"fusion-link-wrapper\" href=\"https:\/\/waldrestaurant-zaehringerburg.de\/fr\/2025\/03\/18\/brunch-de-paques-le-21-04-25-a-partir-de-10-heures\/\" aria-label=\"Brunch de P\u00e2ques le 21.04.25 \u00e0 partir de 10 heures\"><\/a>\n\t<\/div>\n<\/div>\n<\/div>\n<\/li>\n\t\t\t\n\t\t\t\n\t\t\t\t\t\t\t\t\t\t\t\t\t\t\t\t\t\t\t\t\t\t\t\t\t\t\t\t\t\t\t\t\t\t\t\t\t\t\t\t\t\t\t\t\t\t\t\t\t\t\t\t\t\t\t\t\t\t\t\t\t\t\t\t\t\t\t\t<\/ul>\n\t<\/div>\n\t<div class=\"fusion-post-content-wrapper\" style=\"padding:0px 0px 0px 0px;\"><div class=\"fusion-post-content post-content\"><h3 class=\"blog-shortcode-post-title entry-title\">Brunch de P\u00e2ques le 21.04.25 \u00e0 partir de 10 heures<\/h3><div class=\"fusion-post-content-container\"><div class=\"fusion-fullwidth fullwidth-box fusion-builder-row-1-2 fusion-flex-container has-pattern-background has-mask-background hundred-percent-fullwidth non-hundred-percent-height-scrolling\" style=\"--awb-border-radius-top-left:0px;--awb-border-radius-top-right:0px;--awb-border-radius-bottom-right:0px;--awb-border-radius-bottom-left:0px;--awb-background-color:var(--awb-color1);--awb-flex-wrap:wrap;\" ><div class=\"fusion-builder-row fusion-row fusion-flex-align-items-flex-start fusion-flex-content-wrap\" style=\"width:104% !important;max-width:104% !important;margin-left: calc(-4% \/ 2 );margin-right: calc(-4% \/ 2 );\"><div class=\"fusion-layout-column fusion_builder_column fusion-builder-column-3 fusion_builder_column_1_1 1_1 fusion-flex-column\" style=\"--awb-bg-size:cover;--awb-width-large:100%;--awb-flex-grow:0;--awb-flex-shrink:0;--awb-margin-top-large:0px;--awb-spacing-right-large:1.92%;--awb-margin-bottom-large:8%;--awb-spacing-left-large:1.92%;--awb-width-medium:100%;--awb-order-medium:0;--awb-flex-grow-medium:0;--awb-flex-shrink-medium:0;--awb-spacing-right-medium:1.92%;--awb-spacing-left-medium:1.92%;--awb-width-small:100%;--awb-order-small:0;--awb-flex-grow-small:0;--awb-flex-shrink-small:0;--awb-spacing-right-small:1.92%;--awb-spacing-left-small:1.92%;\"><div class=\"fusion-column-wrapper fusion-column-has-shadow fusion-flex-justify-content-flex-start fusion-content-layout-column\"><div class=\"fusion-image-element \" style=\"--awb-caption-title-font-family:var(--h2_typography-font-family);--awb-caption-title-font-weight:var(--h2_typography-font-weight);--awb-caption-title-font-style:var(--h2_typography-font-style);--awb-caption-title-size:var(--h2_typography-font-size);--awb-caption-title-transform:var(--h2_typography-text-transform);--awb-caption-title-line-height:var(--h2_typography-line-height);--awb-caption-title-letter-spacing:var(--h2_typography-letter-spacing);\"><span class=\" fusion-imageframe imageframe-none imageframe-2 hover-type-none\"><img decoding=\"async\" width=\"1024\" height=\"1024\" title=\"Osterfest_Zaehringburg\" src=\"https:\/\/waldrestaurant-zaehringerburg.de\/wp-content\/uploads\/2025\/03\/Osterfest_Zaehringburg.webp\" data-orig-src=\"https:\/\/waldrestaurant-zaehringerburg.de\/wp-content\/uploads\/2025\/03\/Osterfest_Zaehringburg.webp\" alt class=\"lazyload img-responsive wp-image-6972\" srcset=\"data:image\/svg+xml,%3Csvg%20xmlns%3D%27http%3A%2F%2Fwww.w3.org%2F2000%2Fsvg%27%20width%3D%271024%27%20height%3D%271024%27%20viewBox%3D%270%200%201024%201024%27%3E%3Crect%20width%3D%271024%27%20height%3D%271024%27%20fill-opacity%3D%220%22%2F%3E%3C%2Fsvg%3E\" data-srcset=\"https:\/\/waldrestaurant-zaehringerburg.de\/wp-content\/uploads\/2025\/03\/Osterfest_Zaehringburg-200x200.webp 200w, https:\/\/waldrestaurant-zaehringerburg.de\/wp-content\/uploads\/2025\/03\/Osterfest_Zaehringburg-400x400.webp 400w, https:\/\/waldrestaurant-zaehringerburg.de\/wp-content\/uploads\/2025\/03\/Osterfest_Zaehringburg-600x600.webp 600w, https:\/\/waldrestaurant-zaehringerburg.de\/wp-content\/uploads\/2025\/03\/Osterfest_Zaehringburg-800x800.webp 800w, https:\/\/waldrestaurant-zaehringerburg.de\/wp-content\/uploads\/2025\/03\/Osterfest_Zaehringburg.webp 1024w\" data-sizes=\"auto\" data-orig-sizes=\"(max-width: 1024px) 100vw, (max-width: 640px) 100vw, 1024px\" \/><\/span><\/div><\/div><\/div><div class=\"fusion-layout-column fusion_builder_column fusion-builder-column-4 fusion_builder_column_1_1 1_1 fusion-flex-column\" style=\"--awb-bg-size:cover;--awb-width-large:100%;--awb-flex-grow:0;--awb-flex-shrink:0;--awb-margin-top-large:0px;--awb-spacing-right-large:1.92%;--awb-margin-bottom-large:8%;--awb-spacing-left-large:1.92%;--awb-width-medium:100%;--awb-order-medium:0;--awb-flex-grow-medium:0;--awb-flex-shrink-medium:0;--awb-spacing-right-medium:1.92%;--awb-spacing-left-medium:1.92%;--awb-width-small:100%;--awb-order-small:0;--awb-flex-grow-small:0;--awb-flex-shrink-small:0;--awb-spacing-right-small:1.92%;--awb-spacing-left-small:1.92%;\"><div class=\"fusion-column-wrapper fusion-column-has-shadow fusion-flex-justify-content-flex-start fusion-content-layout-column\"><div class=\"fusion-text fusion-text-6\"><p>Le <strong>lundi de P\u00e2ques<\/strong>, le <strong>21 avril<\/strong> 2025, le <strong>Waldrestaurant Z\u00e4hringer Burg<\/strong> vous convie \u00e0 un <strong>brunch de P\u00e2ques exceptionnel<\/strong> qui d\u00e9butera \u00e0 10 heures. Profitez d&rsquo;une matin\u00e9e d\u00e9tendue dans une <strong>atmosph\u00e8re pascale<\/strong>, tandis que nous vous assurons le meilleur divertissement avec une <strong>d\u00e9coration pascale<\/strong> soign\u00e9e et une offre culinaire vari\u00e9e. <\/p>\n<p>Savourez notre <strong>offre de petit-d\u00e9jeuner copieuse<\/strong> avec de d\u00e9licieux mets et boissons. En plus de nombreuses d\u00e9lices, nous avons \u00e9galement pens\u00e9 \u00e0 nos jeunes convives : r\u00e9jouissez-vous d&rsquo;une joyeuse <strong>chasse aux \u0153ufs<\/strong> pour les enfants, qui illuminera assur\u00e9ment leurs regards. <\/p>\n<p>Que vous soyez seul, en famille ou entre amis, le brunch de P\u00e2ques offre le d\u00e9part parfait pour le <strong>lundi de P\u00e2ques<\/strong>. Veuillez r\u00e9server votre table en temps opportun. Notre c\u00e9l\u00e9bration pascale aura lieu par tous les temps ! <\/p>\n<p>En tant qu&rsquo;<strong>option<\/strong> ou <strong>id\u00e9e<\/strong> \u00e0 la suite du brunch, nous vous recommandons une <strong>promenade \u00e0 travers la for\u00eat printani\u00e8re<\/strong> jusqu&rsquo;\u00e0 la tour de Z\u00e4hringerburg. Profitez de la nature qui s&rsquo;\u00e9veille et ressourcez-vous en air frais avant de terminer la journ\u00e9e dans la convivialit\u00e9. <\/p>\n<p><strong>Nous nous r\u00e9jouissons de votre visite sur le Burgberg pour le brunch de P\u00e2ques !<\/strong><\/p>\n<p><em>Votre \u00e9quipe du Waldrestaurant Z\u00e4hringer Burg<\/em><\/p>\n<\/div><div class=\"fusion-text fusion-text-7\"><div class=\"fusion-li-item-content\">\n<p><strong>Lundi 21.04.2025 \u00e0 partir de 10h00<\/strong><\/p>\n<p><strong>24 \u20ac par personne incluant caf\u00e9, th\u00e9, jus d&rsquo;orange en<br \/>\ncarafe \u00e0 volont\u00e9 !<br \/>\nLes enfants jusqu&rsquo;\u00e0 11 ans paient demi-tarif<\/strong> <\/p>\n<\/div>\n<\/div><div class=\"fusion-text fusion-text-8\"><div class=\"fusion-li-item-content\">\n<p>R\u00e9servation au :<\/p>\n<p>0761 \/ 54 322<br \/>\n<strong><a href=\"mailto:reservierung@waldrestaurant-zaehringerburg.de\">reservierung@waldrestaurant-zaehringerburg.de<\/a><\/strong><\/p>\n<\/div>\n<\/div><\/div><\/div><\/div><\/div>\n<\/div><\/div><\/div><div class=\"fusion-clearfix\"><\/div><\/div>\n<\/article>\n<div class=\"fusion-clearfix\"><\/div><\/div><\/div><\/div><\/div><\/div><\/div>\n","protected":false},"excerpt":{"rendered":"","protected":false},"author":1,"featured_media":0,"parent":0,"menu_order":14,"comment_status":"closed","ping_status":"closed","template":"100-width.php","meta":{"_acf_changed":false,"footnotes":""},"class_list":["post-7254","page","type-page","status-publish","hentry"],"acf":[],"_links":{"self":[{"href":"https:\/\/waldrestaurant-zaehringerburg.de\/fr\/wp-json\/wp\/v2\/pages\/7254","targetHints":{"allow":["GET"]}}],"collection":[{"href":"https:\/\/waldrestaurant-zaehringerburg.de\/fr\/wp-json\/wp\/v2\/pages"}],"about":[{"href":"https:\/\/waldrestaurant-zaehringerburg.de\/fr\/wp-json\/wp\/v2\/types\/page"}],"author":[{"embeddable":true,"href":"https:\/\/waldrestaurant-zaehringerburg.de\/fr\/wp-json\/wp\/v2\/users\/1"}],"replies":[{"embeddable":true,"href":"https:\/\/waldrestaurant-zaehringerburg.de\/fr\/wp-json\/wp\/v2\/comments?post=7254"}],"version-history":[{"count":1,"href":"https:\/\/waldrestaurant-zaehringerburg.de\/fr\/wp-json\/wp\/v2\/pages\/7254\/revisions"}],"predecessor-version":[{"id":7258,"href":"https:\/\/waldrestaurant-zaehringerburg.de\/fr\/wp-json\/wp\/v2\/pages\/7254\/revisions\/7258"}],"wp:attachment":[{"href":"https:\/\/waldrestaurant-zaehringerburg.de\/fr\/wp-json\/wp\/v2\/media?parent=7254"}],"curies":[{"name":"wp","href":"https:\/\/api.w.org\/{rel}","templated":true}]}}